{"id":14,"date":"2014-08-22T18:42:52","date_gmt":"2014-08-22T18:42:52","guid":{"rendered":"http:\/\/diadopsicologo.cfp.org.br\/?page_id=14"},"modified":"2018-03-22T16:42:41","modified_gmt":"2018-03-22T19:42:41","slug":"conheca-do-xvi-plenario","status":"publish","type":"page","link":"https:\/\/diadopsicologo.cfp.org.br\/?page_id=14","title":{"rendered":"Conhe\u00e7a do XVI plen\u00e1rio"},"content":{"rendered":"<p>&nbsp;<\/p>\n<p>&nbsp;<\/p>\n<h2>Quem somos<\/h2>\n<p>N\u00f3s, do XVI Plen\u00e1rio (Gest\u00e3o 2013 \u2013 2016) do Conselho Federal de Psicologia (CFP) &#8211; autarquia de direito p\u00fablico, com autonomia administrativa e financeira, cujos objetivos, al\u00e9m de regulamentar, orientar e fiscalizar o exerc\u00edcio profissional, deve promover espa\u00e7os de discuss\u00e3o sobre os grandes temas da Psicologia que levem \u00e0 qualifica\u00e7\u00e3o dos servi\u00e7os profissionais prestados pela categoria \u00e0 sociedade &#8211; constitu\u00edmos um coletivo de psic\u00f3logos (as) brasileiros (as) composto de grupos diversos sem centros de poder externos. Temos como princ\u00edpio fundamental a convic\u00e7\u00e3o de que, como profissionais da \u00e1rea de Psicologia no Brasil, somos muitos e somos plurais.<\/p>\n<p>Em nosso pa\u00eds, no caminho da regulamenta\u00e7\u00e3o da nossa profiss\u00e3o, as diferen\u00e7as estiveram expl\u00edcitas, o que n\u00e3o impediu que nos desenvolv\u00eassemos como ci\u00eancia e profiss\u00e3o com pertin\u00eancia e reconhecimento social. Ao contr\u00e1rio, crescemos com a nossa diversidade e pluralidade.<\/p>\n<p>Temos v\u00e1rios sotaques, que procuramos expressar tanto no plen\u00e1rio, contemplado com o maior n\u00famero poss\u00edvel de estados da nossa Federa\u00e7\u00e3o, como no nosso Coletivo Ampliado. Nossas diferen\u00e7as precisam tamb\u00e9m estar presentes na gest\u00e3o de um \u00f3rg\u00e3o de car\u00e1ter nacional para al\u00e9m de uma representa\u00e7\u00e3o geogr\u00e1fica.<\/p>\n<p>Nossa convic\u00e7\u00e3o \u00e9 de que, para a Psicologia avan\u00e7ar, \u00e9 preciso de que ela seja universalista, sem desqualificar os que ousam expressar nossas diferen\u00e7as. N\u00e3o somos um grupo com a proposta de um modelo hegem\u00f4nico de Psicologia. Contamos com a participa\u00e7\u00e3o pol\u00edtica dos (as) psic\u00f3logos (as) brasileiros (as), compartilhando seus of\u00edcios cotidianos e inscrevendo as tens\u00f5es pr\u00f3prias a uma profiss\u00e3o plural na plen\u00e1ria de seu \u00f3rg\u00e3o de classe. Como a hist\u00f3ria da nossa profiss\u00e3o nos mostra, \u00e9 aceitar as diferen\u00e7as que nos faz avan\u00e7ar.<\/p>\n<p>Fazemos uma gest\u00e3o que, quando da emiss\u00e3o de resolu\u00e7\u00f5es, n\u00e3o privilegia conte\u00fados proibitivos, mas propositivos.<\/p>\n<p>Trabalhamos com um Coletivo Ampliado que tamb\u00e9m possa ser avaliado pela categoria. Essa representa\u00e7\u00e3o est\u00e1 composta por psic\u00f3logos e psic\u00f3logas com representatividade nos seguintes espa\u00e7os de atua\u00e7\u00e3o: Mem\u00f3ria da Psicologia, Psicoterapia, \u00c1lcool e Drogas, Psicologia do Esporte e da Atividade F\u00edsica, Direitos Humanos, Rela\u00e7\u00f5es com as Institui\u00e7\u00f5es de Ensino Superior, Educa\u00e7\u00e3o e Assist\u00eancia Social, Psicologia Jur\u00eddica, Rela\u00e7\u00f5es com a BVS-PSI, Sa\u00fade Mental e Direitos Humanos. Este coletivo j\u00e1 ocupa o papel de principal interlocutor do Conselho Federal de Psicologia (CFP) com outras entidades representativas na proposi\u00e7\u00e3o das pol\u00edticas e pr\u00e1ticas do nosso fazer.<\/p>\n<p>Apresentamo-nos, portanto, com a disposi\u00e7\u00e3o de olhar para o futuro sem o intuito de apagar o passado. Aspiramos \u00e0 utopia enquanto hist\u00f3ria em potencial e lutamos pelo exerc\u00edcio da Psicologia balizada pela \u00e9tica e pelo respeito \u00e0 diversidade e \u00e0 pluralidade.<\/p>\n<p>&nbsp;<\/p>\n<h2>MEMBROS DO XVI PLEN\u00c1RIO<\/h2>\n<h2>Diretoria<\/h2>\n<table width=\"100%\">\n<tbody>\n<tr>\n<td align=\"left\" valign=\"top\" width=\"280\"><img loading=\"lazy\" decoding=\"async\" class=\"alignnone size-full wp-image-48\" src=\"https:\/\/diadopsicologo.cfp.org.br\/wp-content\/uploads\/sites\/14\/2014\/08\/Mariza-Borges.jpg\" alt=\"Mariza-Borges\" width=\"256\" height=\"276\" \/><\/td>\n<td align=\"left\" valign=\"top\" width=\"1065\"><strong>Mariza Monteiro Borges <\/strong>\u2013 Presidente<\/p>\n<p>Mineira de Itanhandu e residente em Bras\u00edlia desde agosto de 1961. Psic\u00f3loga (1972 e Mestre em Psicologia (1982) pela Universidade de Bras\u00edlia-UnB. Foi professora do Centro Universit\u00e1rio de Bras\u00edlia &#8211; CEUB e da Uni\u00e3o Pioneira de Integra\u00e7\u00e3o Social &#8211; Faculdades Integradas &#8211; UPIS, nos anos de 1970. Professora da UnB (1979-2002). Na UnB, al\u00e9m do ensino, pesquisa e extens\u00e3o em Psicologia, foi pesquisadora do Centro de Avalia\u00e7\u00e3o Institucional da UnB (1988\u20131993) e ocupou v\u00e1rios cargos na administra\u00e7\u00e3o acad\u00eamica: diretora do Instituto de Psicologia (1994-1998); chefe do Departamento de Psicologia Escolar e do Desenvolvimento (1999-2000) e Coordenadora do Curso de Gradua\u00e7\u00e3o em Psicologia (1988\u2013 1991). Al\u00e9m disso, foi membro da primeira Comiss\u00e3o de Especialistas de Ensino de Psicologia da SESu\/MEC (1994-1996), consultora da UNESCO junto ao INEP durante a implanta\u00e7\u00e3o do Sistema Nacional de Avalia\u00e7\u00e3o da Educa\u00e7\u00e3o Superior \u2013SINAES (2004 \u2013 2005) e, posteriormente, junto \u00e0 CONAES, na an\u00e1lise do Exame Nacional de Curso-ENADE (2006-2007). Parecerista ad-hoc da SBP e da revista Psicologia: Teoria e Pesquisa. Possui publica\u00e7\u00f5es na \u00e1rea de aprendizagem, avalia\u00e7\u00e3o institucional e de cursos, forma\u00e7\u00e3o de professores de Psicologia, forma\u00e7\u00e3o de psic\u00f3logos(as) e hist\u00f3ria da Psicologia. Foi vice-presidente da ADUnB (2000-2002 e 2010-2012), vice-presidente da ABEP (2003-2005) e presidente do CRP-01(2005- 2010).<\/td>\n<\/tr>\n<tr>\n<td align=\"left\" valign=\"top\" width=\"280\"><img loading=\"lazy\" decoding=\"async\" class=\"alignnone wp-image-47 size-full\" src=\"https:\/\/diadopsicologo.cfp.org.br\/wp-content\/uploads\/sites\/14\/2014\/08\/rogerio-de-oliveira-silva1.jpg\" alt=\"rogerio-de-oliveira-silva\" width=\"256\" height=\"276\" \/><\/td>\n<td align=\"left\" valign=\"top\" width=\"1065\"><strong>Rog\u00e9rio de Oliveira Silva<\/strong> \u2013 Vice-presidente<\/p>\n<p>Natural de Bocai\u00fava (MG), atualmente reside em Belo Horizonte. Graduado em Psicologia pela Universidade Federal de Minas Gerais \u2013 UFMG, foi fundador e primeiro presidente da Cooperativa de Trabalho dos Psic\u00f3logos de Belo Horizonte (Cooperar: psicologia e sociedade). Hoje \u00e9 Diretor da Circular &#8211; N\u00facleo de Refer\u00eancia Social e Humana (Consultoria Empresarial em Belo Horizonte), Coordenador da Comiss\u00e3o Intersetorial de Controle e Preven\u00e7\u00e3o de Acidentes de Tr\u00e2nsito da Cidade de Belo Horizonte (pol\u00edtica p\u00fablica) e Consultor de Promo\u00e7\u00e3o da Sa\u00fade no Trabalho e Redu\u00e7\u00e3o dos Riscos. Foi Conselheiro Presidente do Conselho Regional de Psicologia de Minas Gerais de 2007 a 2010, membro do plen\u00e1rio do mesmo Regional de 2004 a 2007.<\/td>\n<\/tr>\n<tr>\n<td align=\"left\" valign=\"top\" width=\"280\"><img loading=\"lazy\" decoding=\"async\" class=\"alignnone size-full wp-image-49\" src=\"https:\/\/diadopsicologo.cfp.org.br\/wp-content\/uploads\/sites\/14\/2014\/08\/Sergio-Braghini.jpg\" alt=\"Sergio-Braghini\" width=\"256\" height=\"276\" \/><\/td>\n<td align=\"left\" valign=\"top\" width=\"1065\"><strong>Sergio L Braghini<\/strong> &#8211; Conselheiro Tesoureiro<\/p>\n<p>Psic\u00f3logo e Psicanalista, Doutor em Ci\u00eancias Sociais pela PUC-SP com tese sobre a Juventude e Decl\u00ednio da Autoridade Paterna na P\u00f3s-modernidade. Mestre em Psicologia Escolar e Educacional pela Pontif\u00edcia Universidade Cat\u00f3lica de Campinas &#8211; PUC Camp (2003), com disserta\u00e7\u00e3o voltada para a Avalia\u00e7\u00e3o de Programas de Preven\u00e7\u00e3o \u00e0s Toxicomanias na Escola. Forma\u00e7\u00e3o em Psican\u00e1lise pela Escola da Causa Anal\u00edtica em S\u00e3o Paulo. Graduado em Psicologia pela Universidade Metodista de S\u00e3o Paulo (1988). Professor e Coordenador do Curso de P\u00f3s-Gradua\u00e7\u00e3o em Psicossociologia da Juventude da Funda\u00e7\u00e3o Escola de Sociologia e Pol\u00edtica de S\u00e3o Paulo(FESPSP). Foi conselheiro do Conselho Regional de Psicologia do Paran\u00e1 de 2010 a 2013.<\/td>\n<\/tr>\n<tr>\n<td align=\"left\" valign=\"top\" width=\"280\"><img loading=\"lazy\" decoding=\"async\" class=\"alignleft wp-image-111 size-full\" src=\"https:\/\/diadopsicologo.cfp.org.br\/wp-content\/uploads\/sites\/14\/2014\/08\/3-Gra\u00e7a-Correa-Jacques.jpg\" alt=\"Gra\u00e7a-Correa-Jacques\" width=\"256\" height=\"276\" \/><\/td>\n<td align=\"left\" valign=\"top\" width=\"1065\"><strong>Maria da Gra\u00e7a Corr\u00eaa Jacques<\/strong> \u2013 Secret\u00e1ria<\/p>\n<p>Formada pela PUCRS, professora e pesquisadora na \u00e1rea da Psicologia do Trabalho, em especial no tema da Sa\u00fade do Trabalhador. Mestre em Psicologia Organizacional (PUCRS), Doutora em Educa\u00e7\u00e3o (PUCRS) e P\u00f3s Doutora em Psicologia Social (Universidade Aberta-Portugal). Professora aposentada da Universidade Federal do Rio Grande do Sul. Membro da diretoria do Conselho Regional de Psicologia da 7\u00aa regi\u00e3o e presidente deste Regional.<\/td>\n<\/tr>\n<\/tbody>\n<\/table>\n<h2><\/h2>\n<p>&nbsp;<\/p>\n<h2>Conselheiros (efetivos)<\/h2>\n<table width=\"100%\">\n<tbody>\n<tr>\n<td align=\"left\" valign=\"top\" width=\"280\"><img loading=\"lazy\" decoding=\"async\" class=\"alignnone size-full wp-image-50\" src=\"https:\/\/diadopsicologo.cfp.org.br\/wp-content\/uploads\/sites\/14\/2014\/08\/Dorotea.jpg\" alt=\"Dorotea\" width=\"256\" height=\"276\" \/><\/td>\n<td align=\"left\" valign=\"top\" width=\"1065\"><strong>Dorot\u00e9a Albuquerque de Cristo<\/strong> &#8211; Secret\u00e1ria Regi\u00e3o Norte<\/p>\n<p>Possui gradua\u00e7\u00e3o em Psicologia pela Universidade Federal do Par\u00e1 (UFPA), especializa\u00e7\u00e3o em Psicologia Cl\u00ednica e Sexologia e Mestrado em Psicologia pela UFPA. Atualmente \u00e9 professora da Universidade da Amaz\u00f4nia (UNAMA) e psic\u00f3loga da Secretaria Executiva de Estado de Sa\u00fade do Par\u00e1 (SESPA). Atua principalmente nas \u00e1reas de Psicologia e Sa\u00fade.<\/p>\n<p>&nbsp;<\/p>\n<p>&nbsp;<\/p>\n<p>&nbsp;<\/p>\n<p>&nbsp;<\/td>\n<\/tr>\n<tr>\n<td align=\"left\" valign=\"top\" width=\"280\"><img loading=\"lazy\" decoding=\"async\" class=\"alignnone size-full wp-image-51\" src=\"https:\/\/diadopsicologo.cfp.org.br\/wp-content\/uploads\/sites\/14\/2014\/08\/Inara-Leao.jpg\" alt=\"Inara-Leao\" width=\"256\" height=\"276\" \/><\/td>\n<td align=\"left\" valign=\"top\" width=\"1065\"><strong>Inara Barbosa Le\u00e3o<\/strong> &#8211; Secret\u00e1ria Regi\u00e3o Centro-Oeste<\/p>\n<p>Graduada e licenciada em Psicologia pela Faculdade Dom Aquino de Filosofia Ci\u00eancia e Letras. Mestre em Educa\u00e7\u00e3o pela Universidade Federal de Mato Grosso do Sul e Doutora em Psicologia (Social) pela Pontif\u00edcia Universidade Cat\u00f3lica de S\u00e3o Paulo. Professora Associada IV Universidade Federal de Mato Grosso do Sul. Professora dos cursos de mestrado e doutorado do Programa de P\u00f3s-Gradua\u00e7\u00e3o em Educa\u00e7\u00e3o, dos Cursos de Gradua\u00e7\u00e3o e de Mestrado do Programa de P\u00f3s-Gradua\u00e7\u00e3o em Psicologia, do qual tamb\u00e9m \u00e9 Coordenadora, na mesma UFMS. L\u00edder do Grupo de Estudos e Pesquisas sobre Aspectos Psicossociais da Educa\u00e7\u00e3o e do Trabalho \u2013 GEPAPET. Coordenadora do N\u00facleo de Estudos e Pesquisa sobre Identidade Sexual \u2013 NEDPIS, em parceria com o CENTRHO\/SAS do Governo do Estado de MS. Membro do GT ANPEPP: A Psicologia S\u00f3cio-Hist\u00f3rica e o Contexto Brasileiro de Desigualdade Social. Parecerista ad hoc da Funda\u00e7\u00e3o de Apoio e Desenvolvimento do Ensino, Ci\u00eancia e Tecnologia do MS &#8211; FUNDECT. Editora Respons\u00e1vel pela revista Psicologia: Ci\u00eancia e Profiss\u00e3o (CFP 2014 \u2013 2016).<\/td>\n<\/tr>\n<tr>\n<td align=\"left\" valign=\"top\" width=\"280\"><img loading=\"lazy\" decoding=\"async\" class=\"alignleft wp-image-117 size-full\" src=\"https:\/\/diadopsicologo.cfp.org.br\/wp-content\/uploads\/sites\/14\/2014\/08\/joao-baptista-Fortes-3.jpg\" alt=\"joao-baptista-Fortes\" width=\"256\" height=\"276\" \/><\/td>\n<td align=\"left\" valign=\"top\" width=\"1065\"><strong>Jo\u00e3o Baptista Fortes de Oliveira<\/strong> &#8211; Secret\u00e1rio Regi\u00e3o Sul<\/p>\n<p>Formado pela PUC-PR em 1976, desenvolveu Pesquisa em Psicologia do Desenvolvimento- \u00c9cole Pratique Des Hautes \u00c9tudes &#8211; Laboratoire de Psycho-biologie de L&#8217;Enfant, Paris- Fran\u00e7a (1977-1978). Possui Mestrado em Psicologia do Desenvolvimento pela Universit\u00e9 de Paris X. Nanterre- Fran\u00e7a (1976-1978). Trabalhou no Institut Marcel Rivi\u00e8re, La Verri\u00e8re-Fran\u00e7a(1977), no Ospedale Psichiatrico Provinciale de Trieste, Trieste-Italia (1978). Al\u00e9m disso, foi conselheiro do Conselho Regional do Paran\u00e1 por seis gest\u00f5es e \u00e9 Psicoterapeuta e Psicodramatista.<\/td>\n<\/tr>\n<tr>\n<td align=\"left\" valign=\"top\"><img loading=\"lazy\" decoding=\"async\" class=\"alignleft wp-image-52 size-full\" src=\"https:\/\/diadopsicologo.cfp.org.br\/wp-content\/uploads\/sites\/14\/2014\/08\/Meire-Nunes-Viana.jpg\" alt=\"Meire-Nunes-Viana\" width=\"256\" height=\"278\" \/><\/td>\n<td align=\"left\" valign=\"top\"><strong>Meire Nunes Viana<\/strong> &#8211; Secret\u00e1ria Regi\u00e3o Nordeste<\/p>\n<p>Graduou-se em Psicologia nas Faculdades Metropolitanas Unidas\/SP (1982). \u00c9 Mestre em Pol\u00edticas P\u00fablicas e Sociedade pela UECE (2006). Tem especializa\u00e7\u00e3o na Abordagem Gest\u00e1ltica com Crian\u00e7as e Adolescentes pelo Instituto Sedes Sapientiae\/SP (1989). Possui t\u00edtulo profissional de Especialista em Psicologia Cl\u00ednica e Psicologia Escolar Educacional pelo CRP 11 (2002). Atuou na Funda\u00e7\u00e3o Wilson Pinheiro com grupos de Educa\u00e7\u00e3o Popular sob a coordena\u00e7\u00e3o do Prof. Paulo Freire (1983-1985). Tem experi\u00eancia na \u00e1rea de Psicologia, com \u00eanfase em Psicologia do Desenvolvimento Humano, atuando principalmente nos seguintes temas: Gestalt-terapia, Psicoterapia Infanto-Juvenil e familiar, Psicologia Educacional, Prote\u00e7\u00e3o e Projetos Sociais. Atuou na Gest\u00e3o do CRP 11 (1995-1997) e na Presid\u00eancia da Comiss\u00e3o de Psicologia Educacional (2000\/2003), Comp\u00f4s o Grupo Gestor fundador do PSINDCE (1995-1997) e atua na Diretoria Colegiada h\u00e1 duas gest\u00f5es (2008\/atual). Participou da Diretoria Executiva da FENAPSI (1995-1997). Atuou na Gest\u00e3o do SPA da FCRS (2010\/2011). Atuou como articuladora regional junto ao CNAS no debate sobre o SUAS. Atualmente atua na dire\u00e7\u00e3o no Instituto Cris\u00e1lide &#8211; Centro de Gestalt-terapia, desenvolvendo a\u00e7\u00f5es de consultoria educacional e cursos de forma\u00e7\u00e3o profissional nas \u00e1reas social, educacional e cl\u00ednica.<\/td>\n<\/tr>\n<tr>\n<td align=\"left\" valign=\"top\"><img loading=\"lazy\" decoding=\"async\" class=\"alignnone wp-image-54 \" src=\"https:\/\/diadopsicologo.cfp.org.br\/wp-content\/uploads\/sites\/14\/2014\/08\/Nadia-Maria-Rocha.jpg\" alt=\"Nadia-Maria-Rocha\" width=\"254\" height=\"276\" \/><\/td>\n<td align=\"left\" valign=\"top\"><strong>N\u00e1dia Maria Dourado Rocha<\/strong> \u2013 Conselheiro 1<\/p>\n<p>Doutora em ci\u00eancias pela USP. Professora universit\u00e1ria e aposentada do Departamento de Psicologia da Universidade Federal da Bahia. Atualmente est\u00e1 vinculada \u00e0 Faculdade Ruy Barbosa-BA, onde desenvolve pesquisas em Hist\u00f3ria da Psicologia e integra o GT de Hist\u00f3ria da ANPEPP. Foi presidente do CRP-03 em duas gest\u00f5es e conselheira do CFP de 1990 a 1992.<\/td>\n<\/tr>\n<tr>\n<td align=\"left\" valign=\"top\" width=\"280\"><img loading=\"lazy\" decoding=\"async\" class=\"alignleft size-full wp-image-130\" src=\"https:\/\/diadopsicologo.cfp.org.br\/wp-content\/uploads\/sites\/14\/2014\/08\/Rosano-Freire-Carvalho.jpg\" alt=\"Rosano Freire Carvalho\" width=\"256\" height=\"256\" srcset=\"https:\/\/diadopsicologo.cfp.org.br\/wp-content\/uploads\/sites\/14\/2014\/08\/Rosano-Freire-Carvalho.jpg 256w, https:\/\/diadopsicologo.cfp.org.br\/wp-content\/uploads\/sites\/14\/2014\/08\/Rosano-Freire-Carvalho-150x150.jpg 150w\" sizes=\"auto, (max-width: 256px) 100vw, 256px\" \/><\/td>\n<td align=\"left\" valign=\"top\" width=\"1065\"><strong>Rosano Freire Carvalho <\/strong>\u2013 Conselheiro 2<\/p>\n<p>Possui gradua\u00e7\u00e3o em Psicologia pela Faculdade de Ci\u00eancias Humanas de Olinda &#8211; FACHO (1989), na \u00e1rea de Psicologia Cl\u00ednica. Foi servidor p\u00fablico da Secretaria Estadual de Sa\u00fade do Estado e Prefeitura da Cidade do Recife, Chefe do Setor de Psicologia do Hospital Ulysses Pernambucano \u2013 Tamarineira (1991-1993), Coordenador Geral do Centro de Aten\u00e7\u00e3o Psicossocial &#8211; CAPS Espa\u00e7o Azul (1994-2001). Foi Conselheiro do CFP (1996-1997), Psic\u00f3logo Colaborador CRP-02, fez parte da Dire\u00e7\u00e3o da FENAPSI (1999-2000) e da Dire\u00e7\u00e3o do Sindicato dos Psic\u00f3logos de PE &#8211; PSICOSIND. Atuou no Movimento Nacional da Luta Antimanicomial e ocupou representa\u00e7\u00e3o no Conselho Nacional de Sa\u00fade \u2013 CNS e Estadual de Sa\u00fade \u2013 CES\/PE.<\/td>\n<\/tr>\n<\/tbody>\n<\/table>\n<p>&nbsp;<\/p>\n<h2>Conselheiros suplentes<\/h2>\n<table width=\"100%\">\n<tbody>\n<tr>\n<td align=\"left\" valign=\"top\" width=\"280\"><img loading=\"lazy\" decoding=\"async\" class=\"alignnone size-full wp-image-58\" src=\"https:\/\/diadopsicologo.cfp.org.br\/wp-content\/uploads\/sites\/14\/2014\/08\/Eliandro-Cruz2.jpg\" alt=\"Eliandro-Cruz2\" width=\"256\" height=\"275\" \/><\/td>\n<td align=\"left\" valign=\"top\" width=\"1065\"><strong>Eliandro R\u00f4mulo Cruz Ara\u00fajo<\/strong> \u2013 Suplente<\/p>\n<p>Psic\u00f3logo, graduado pela Universidade Ceuma\/MA \u2013 UNICEUMA em 2005. Cursou MBA em Administra\u00e7\u00e3o Judici\u00e1ria pela ENE (Escola de Neg\u00f3cios Excellence) em S\u00e3o Luis do Maranh\u00e3o (2013). Psic\u00f3logo da Diretoria de Recursos Humanos do Tribunal de Justi\u00e7a do Maranh\u00e3o (TJMA &#8211; Analista Judici\u00e1rio). Psic\u00f3logo do N\u00facleo Psicossocial das Promotorias de Justi\u00e7a da Capital do Minist\u00e9rio P\u00fablico do Maranh\u00e3o (MPMA &#8211; Analista Ministerial). Diretor tesoureiro da SBPOT (Associa\u00e7\u00e3o Brasileira de Psicologia Organizacional e do Trabalho). Consultor Organizacional em Gest\u00e3o de Pessoas. Possui ainda, forma\u00e7\u00e3o em Coach pela ICI.<\/td>\n<\/tr>\n<tr>\n<td align=\"left\" valign=\"top\" width=\"280\"><img loading=\"lazy\" decoding=\"async\" src=\"https:\/\/diadopsicologo.cfp.org.br\/wp-content\/uploads\/sites\/14\/2014\/08\/silhueta-mulher-300x284.jpg\" width=\"256\" height=\"260\" \/><\/td>\n<td align=\"left\" valign=\"top\" width=\"1065\"><strong>Jacqueline De Oliveira Moreira<\/strong> \u2013 Suplente<\/p>\n<p>Graduada em Psicologia pela UFMG (1991), Mestre em Filosofia pela UFMG (1996), Doutora em Psicologia Cl\u00ednica pela PUC-SP e P\u00f3s-doutorado em Teologia, estudando o tema da Subjetividade em L\u00e9vinas &#8211; Faculdade Jesu\u00edta \u2013 FAJE. Professora Adjunta III da PUC-Minas desde 1999, onde trabalha no Programa de P\u00f3s-Gradua\u00e7\u00e3o Stricto Sensu (D\/M). Ocupou diversos cargos administrativos como a coordena\u00e7\u00e3o adjunta do curso de Psicologia da PUC- Minas\/Betim (2002-2003), planejou e dirigiu o N\u00facleo de Refer\u00eancia em Psicologia da PUC-Minas\/Betim (2001-2003), coordenou o Mestrado em Psicologia da PUC-Minas (2008-2009) e implantou o n\u00edvel do Doutorado no Programa de P\u00f3s-Gradua\u00e7\u00e3o em Psicologia da PUC-Minas (2009). Tem livros organizados e artigos publicados em temas como Psicologia Cl\u00ednica e a Psicologia\/Psican\u00e1lise nas institui\u00e7\u00f5es p\u00fablicas. Comp\u00f5e o conselho editorial da revista Psicologia em Revista da PUC Minas, \u00e9 parecerista de revistas cient\u00edficas e trabalha em consult\u00f3rio particular.<\/td>\n<\/tr>\n<tr>\n<td align=\"left\" valign=\"top\" width=\"280\"><img loading=\"lazy\" decoding=\"async\" class=\"alignnone wp-image-61 size-full\" src=\"https:\/\/diadopsicologo.cfp.org.br\/wp-content\/uploads\/sites\/14\/2014\/08\/Silvana-Carneiro-Maciel.jpg\" alt=\"Silvana-Carneiro-Maciel\" width=\"256\" height=\"301\" srcset=\"https:\/\/diadopsicologo.cfp.org.br\/wp-content\/uploads\/sites\/14\/2014\/08\/Silvana-Carneiro-Maciel.jpg 256w, https:\/\/diadopsicologo.cfp.org.br\/wp-content\/uploads\/sites\/14\/2014\/08\/Silvana-Carneiro-Maciel-255x300.jpg 255w\" sizes=\"auto, (max-width: 256px) 100vw, 256px\" \/><\/td>\n<td align=\"left\" valign=\"top\" width=\"1065\"><strong>Silvana Carneiro Maciel<\/strong> \u2013 Suplente<\/p>\n<p>Professora do Departamento de Psicologia e de P\u00f3s-gradua\u00e7\u00e3o em Psicologia Social da Universidade Federal da Para\u00edba (UFPB). Doutora em Psicologia Social. P\u00f3s-Doutora em Psicologia Social pelo Instituto de Ci\u00eancias Sociais da Universidade de Lisboa (ICS-Lisboa). Coordenadora do Grupo de Pesquisa em Sa\u00fade Mental e Depend\u00eancia Qu\u00edmica da UFPB.<\/td>\n<\/tr>\n<tr>\n<td align=\"left\" valign=\"top\" width=\"280\"><img loading=\"lazy\" decoding=\"async\" class=\"alignnone wp-image-59 size-full\" src=\"https:\/\/diadopsicologo.cfp.org.br\/wp-content\/uploads\/sites\/14\/2014\/08\/Viviane-Moura-Ribeiro.jpg\" alt=\"Viviane-Moura-Ribeiro\" width=\"256\" height=\"276\" \/><\/td>\n<td align=\"left\" valign=\"top\" width=\"1065\"><strong>Viviane Moura De Azevedo Ribeiro<\/strong> \u2013 Suplente<\/p>\n<p>Possui gradua\u00e7\u00e3o em Psicologia pela Universidade Luterana de Palmas (ULBRA &#8211; 2006), especializa\u00e7\u00e3o MBA em Gest\u00e3o de Pessoas pela Universidade Federal do Tocantins (UFT &#8211; 2011).Trabalhou em v\u00e1rias institui\u00e7\u00f5es de Sa\u00fade Mental e Social de 2007 a 2010. Atuou na Secretaria de Seguran\u00e7a P\u00fablica do Estado do Tocantins, realizando atendimentos aos Policiais e Familiares (2009 \u2013 2011). \u00c9 Psic\u00f3loga Perita em Tr\u00e2nsito (desde 2006). Presta servi\u00e7os para v\u00e1rias empresas e realiza atendimentos Cl\u00ednicos desde 2009 e atualmente est\u00e1 concluindo especializa\u00e7\u00e3o em Psicologia do Tr\u00e2nsito.<\/td>\n<\/tr>\n<tr>\n<td align=\"left\" valign=\"top\" width=\"280\"><img loading=\"lazy\" decoding=\"async\" class=\"alignleft size-full wp-image-148\" src=\"https:\/\/diadopsicologo.cfp.org.br\/wp-content\/uploads\/sites\/14\/2014\/08\/joao-alchiere.jpg\" alt=\"joao-alchiere\" width=\"256\" height=\"276\" \/><\/td>\n<td align=\"left\" valign=\"top\" width=\"1065\"><strong>Jo\u00e3o Carlos Alchieri <\/strong>&#8211; Suplente Regi\u00e3o Nordeste<\/p>\n<p>Professor associado e bolsista em produtividade (CNPq) na Universidade Federal do Rio Grande do Norte, onde atua como orientador de mestrado e doutorado, no PPG Psicologia e no PPG Ci\u00eancias da Sa\u00fade. Tem experi\u00eancia em Processo de Avalia\u00e7\u00e3o Psicol\u00f3gica. Atualmente \u00e9 perito psic\u00f3logo do projeto SIASSS UFRN, coordenador do Comit\u00ea de \u00c9tica em Pesquisas com Seres Humanos do Hospital Universit\u00e1rio Onofre Lopes HUOL UFRN, coordenador e tutor de projeto junto a Univesidad Nacional del Mar del Plata no Programa Centros Associados para o Fortalecimento da P\u00f3s-gradua\u00e7\u00e3o Brasil\/Argentina e Movilidad Acad\u00e9mica para la Integraci\u00f3n (MAPI). Integrante da Red de Facultades de Psicolog\u00eda del MERCOSUR. Coordenador da Comiss\u00e3o Consultiva em Avalia\u00e7\u00e3o Psicol\u00f3gica do Conselho Federal de Psicologia.<\/td>\n<\/tr>\n<tr>\n<td align=\"left\" valign=\"top\" width=\"280\"><img loading=\"lazy\" decoding=\"async\" class=\"alignnone wp-image-60 size-full\" src=\"https:\/\/diadopsicologo.cfp.org.br\/wp-content\/uploads\/sites\/14\/2014\/08\/Madge-Porto.jpg\" alt=\"Madge-Porto\" width=\"256\" height=\"277\" \/><\/td>\n<td align=\"left\" valign=\"top\" width=\"1065\"><strong>Madge Porto Cruz<\/strong> &#8211; Suplente Regi\u00e3o Norte<\/p>\n<p>Graduada em Psicologia pela Universidade Federal de Pernambuco (1992), Mestra em Sa\u00fade Coletiva tamb\u00e9m pela UFPE (2002), Psic\u00f3loga Especialista em Psicologia Cl\u00ednica (CFP) e Doutora em Psicologia Cl\u00ednica e Cultura pela UnB (2013). Psic\u00f3loga cl\u00ednica da Universidade Federal do Acre &#8211; UFAC. Pesquisadora vinculada ao grupo de pesquisa Direito, Sociedade e Meio Ambiente\/UFAC. Atua nas \u00e1reas da Psicologia Cl\u00ednica e Institucional, nos seguintes temas: psicoterapia, supervis\u00e3o cl\u00ednica e institucional, sa\u00fade mental, Sistema \u00danico de Sa\u00fade, g\u00eanero e viol\u00eancia contra a mulher. Foi secret\u00e1ria (24\/06\/05 a 19\/05\/07) e coordenadora (26\/09\/07 a 19\/12\/07 e 11\/07\/08 a 31\/07\/09) da Se\u00e7\u00e3o Acre do CRP-01. No XVI Plen\u00e1rio est\u00e1 respons\u00e1vel pela coordena\u00e7\u00e3o do GT Laicidade e Psicologia e pelo tema de direito humanos das mulheres.<\/p>\n<p>&nbsp;<\/td>\n<\/tr>\n<tr>\n<td align=\"left\" valign=\"top\"><img loading=\"lazy\" decoding=\"async\" class=\"alignleft size-full wp-image-132\" src=\"https:\/\/diadopsicologo.cfp.org.br\/wp-content\/uploads\/sites\/14\/2014\/08\/Roberto-Moraes-Cruz.jpg\" alt=\"Roberto-Moraes-Cruz\" width=\"256\" height=\"270\" \/><\/td>\n<td align=\"left\" valign=\"top\"><strong>Roberto Moraes Cruz<\/strong> &#8211; Suplente Regi\u00e3o Sul<\/p>\n<p>Psic\u00f3logo desde 1990, \u00e9 especialista em Avalia\u00e7\u00e3o Psicol\u00f3gica, Ergonomia e Gest\u00e3o de Recursos Humanos, mestre em Educa\u00e7\u00e3o e Trabalho (UFBa.,1996) e Doutor em Engenharia de Produ\u00e7\u00e3o \u2013 Ergonomia (UFSC-CNAM-Paris, 2001). Fez p\u00f3s-doutorado em M\u00e9todos e Diagn\u00f3stico (Univ. Barcelona, 2010). Foi relator e presidente, respectivamente do I e II Congresso Nacional da Psicologia, vice-presidente do Conselho Regional de Psicologia \u2013 3\u00aa Regi\u00e3o de 1992 a 1995, secret\u00e1rio do Conselho Federal de Psicologia (1996-1997), Presidente da Associa\u00e7\u00e3o Brasileira de Psicologia Jur\u00eddica (2009-2011), Coordenador do curso e vice-chefe de Departamento do Psicologia da UFSC (2001-2002) e subdiretor para a Am\u00e9rica Latina da Revista Electr\u00f3nica de Investigaci\u00f3n y Docencia (REID). Atualmente \u00e9 professor e pesquisador do Departamento e do Programa de P\u00f3s-Gradua\u00e7\u00e3o em Psicologia da Universidade Federal de Santa Catarina, l\u00edder do Laborat\u00f3rio Fator Humano (UFSC) e pesquisador do N\u00facleo de Pesquisa em Neuropsicologia e Sa\u00fade. Tamb\u00e9m \u00e9 autor de livros e artigos cient\u00edficos no \u00e2mbito da Avalia\u00e7\u00e3o Psicol\u00f3gica, Psicologia da Sa\u00fade e do Trabalho, Psicologia Jur\u00eddica e do Tr\u00e2nsito; assessor em projetos de investiga\u00e7\u00e3o de perfil de agravos \u00e0 sa\u00fade de trabalhadores e gest\u00e3o da sa\u00fade no trabalho em diferentes institui\u00e7\u00f5es p\u00fablicas e privadas; e perito psic\u00f3logo no \u00e2mbito do direito c\u00edvel e do trabalho.<\/td>\n<\/tr>\n<tr>\n<td align=\"left\" valign=\"top\"><img loading=\"lazy\" decoding=\"async\" src=\"https:\/\/diadopsicologo.cfp.org.br\/wp-content\/uploads\/sites\/14\/2014\/08\/silhueta-mulher-300x284.jpg\" alt=\"\" width=\"256\" height=\"260\" \/><\/td>\n<td align=\"left\" valign=\"top\"><strong>Sandra Luzia De Souza Alencar<\/strong> &#8211; Suplente Regi\u00e3o Sudeste<\/p>\n<p>Graduada em Psicologia pelo Instituto Metodista de S\u00e3o Bernardo do Campo (1992), com especializa\u00e7\u00e3o em Psicologia Cl\u00ednica &#8211; Teoria Psicanal\u00edtica pela PUC-SP (2000), possui mestrado e doutorado em Psicologia Social pela mesma institui\u00e7\u00e3o, conclu\u00eddos respectivamente em 2001 e 2011. Atua como psic\u00f3loga na rede p\u00fablica de sa\u00fade da Secretaria Municipal de Sa\u00fade de S\u00e3o Paulo. Atuou como psic\u00f3loga em institui\u00e7\u00f5es prisionais e de assist\u00eancia no per\u00edodo de 1993 a 2003. Realizou atividade na doc\u00eancia em Psicologia Social no per\u00edodo de 2001 a 2009 em institui\u00e7\u00f5es privadas de ensino. \u00c9 membro do N\u00facleo Psican\u00e1lise e Pol\u00edtica do Programa de Estudos P\u00f3s-Graduados em Psicologia Social da Pontif\u00edcia Universidade Cat\u00f3lica de S\u00e3o Paulo e membro do Laborat\u00f3rio Psican\u00e1lise e Sociedade do Departamento de P\u00f3s-gradua\u00e7\u00e3o da Psicologia Cl\u00ednica do Instituto de Psicologia da USP.<\/td>\n<\/tr>\n<tr>\n<td align=\"left\" valign=\"top\"><img loading=\"lazy\" decoding=\"async\" class=\"alignleft size-full wp-image-133\" src=\"https:\/\/diadopsicologo.cfp.org.br\/wp-content\/uploads\/sites\/14\/2014\/08\/Vera-Lucia-Morselli2.jpg\" alt=\"Vera-Lucia-Morselli\" width=\"256\" height=\"276\" \/><\/td>\n<td align=\"left\" valign=\"top\"><strong>Vera Lucia Morcelli <\/strong>&#8211; Suplente Regi\u00e3o Centro-Oeste<\/p>\n<p>Possui gradua\u00e7\u00e3o em Psicologia pela Universidade Cat\u00f3lica de Goi\u00e1s (1981) e Especializa\u00e7\u00e3o em Psicologia Cl\u00ednica (1991) pela mesma universidade em conv\u00eanio com a PUCAMP. Atualmente \u00e9 professora da Pontif\u00edcia Universidade Cat\u00f3lica de Goi\u00e1s. Tem experi\u00eancia na \u00e1rea de Psicologia, com \u00eanfase em Programas de Atendimento Comunit\u00e1rio, atuando principalmente nos seguintes temas: viol\u00eancia dom\u00e9stica, \u00e1lcool e outras drogas, situa\u00e7\u00e3o de vulnerabilidade e comunidade. Est\u00e1 na Coordena\u00e7\u00e3o pedag\u00f3gica do Departamento de Psicologia da PUC Goi\u00e1s. Atua na \u00e1rea cl\u00ednica com adolescentes, casais e fam\u00edlia.<\/td>\n<\/tr>\n<tr>\n<td align=\"left\" valign=\"top\" width=\"280\"><img loading=\"lazy\" decoding=\"async\" class=\"alignnone wp-image-55\" src=\"https:\/\/diadopsicologo.cfp.org.br\/wp-content\/uploads\/sites\/14\/2014\/08\/maria-augusta-rondas.jpg\" alt=\"maria-augusta-rondas\" width=\"249\" height=\"276\" \/><\/td>\n<td align=\"left\" valign=\"top\" width=\"1065\"><strong>Maria Augusta Rondas Speller <\/strong>\u2013 Conselheira Suplente 1<\/p>\n<p>Graduada em Psicologia pela Universidade Veracruzana, em Jalapa (M\u00e9xico), se p\u00f3s-gradua\u00e7\u00e3o na Universidade Nacional Aut\u00f4noma do M\u00e9xico, no M\u00e9xico\u2013DF e cursou mestrado em Psicologia tamb\u00e9m na Universidade Veracruzana. Trabalhou como cooperante internacional no Minist\u00e9rio da Sa\u00fade em Maputo\/Mo\u00e7ambique. Foi professora adjunta do Departamento de Psicologia do Instituto de Educa\u00e7\u00e3o da Universidade Federal de Mato Grosso, fundou e coordenou, o programa de p\u00f3s-gradua\u00e7\u00e3o desse Instituto, o grupo de pesquisa Educa\u00e7\u00e3o, Subjetividade e Psican\u00e1lise. Foi membro fundador e pesquisador do N\u00facleo Interinstitucional de Estudos da Viol\u00eancia e da Cidadania do Instituto de Ci\u00eancias Humanas e Sociais. Em seu doutorado, na Universidade de S\u00e3o Paulo, elaborou tese em Peixoto de Azevedo, norte de Mato Grosso, sobre professoras que estudavam Pedagogia na modalidade de Educa\u00e7\u00e3o \u00e0 Dist\u00e2ncia, pelo N\u00facleo de Educa\u00e7\u00e3o \u00e0 Dist\u00e2ncia, com o qual colaborou por alguns anos.<\/td>\n<\/tr>\n<tr>\n<td align=\"left\" valign=\"top\" width=\"280\"><img loading=\"lazy\" decoding=\"async\" class=\"alignnone wp-image-53\" src=\"https:\/\/diadopsicologo.cfp.org.br\/wp-content\/uploads\/sites\/14\/2014\/08\/Jefferson-de-Souza-Bernardes.jpg\" alt=\"Jefferson-de-Souza-Bernardes\" width=\"256\" height=\"288\" \/><\/td>\n<td align=\"left\" valign=\"top\" width=\"1065\"><strong>Jefferson De Souza Bernardes<\/strong> \u2013 Conselheiro Suplente 2<\/p>\n<p>Doutor em Psicologia Social pela PUC\/SP, mestre em Psicologia Social e da Personalidade (PUCRS), Professor do Instituto de Psicologia da Universidade Federal de Alagoas (UFAL). Professor do Mestrado em Psicologia (UFAL), Mestrado Profissional de Ensino na Sa\u00fade (UFAL) e Resid\u00eancia Multiprofissional em Sa\u00fade (HU\/UFAL). Foi presidente da ABRAPSO entre 2008 e 2009. Atualmente seus estudos s\u00e3o focados em pesquisas nas \u00e1reas de Psicologia na Sa\u00fade e Forma\u00e7\u00e3o Profissional em Sa\u00fade.<\/td>\n<\/tr>\n<\/tbody>\n<\/table>\n<p>&nbsp;<\/p>\n<h2>Coletivo ampliado<\/h2>\n<table width=\"100%\">\n<tbody>\n<tr>\n<td align=\"left\" valign=\"top\" width=\"280\"><img loading=\"lazy\" decoding=\"async\" class=\"alignnone size-full wp-image-63\" src=\"https:\/\/diadopsicologo.cfp.org.br\/wp-content\/uploads\/sites\/14\/2014\/08\/ana-jaco.jpg\" alt=\"ana-jaco\" width=\"256\" height=\"276\" \/><\/td>\n<td align=\"left\" valign=\"top\" width=\"1065\"><strong>Ana Maria Jac\u00f3 Vilela<\/strong> \u2013 Mem\u00f3ria da Psicologia<\/p>\n<p>Possui gradua\u00e7\u00e3o em Psicologia pela Universidade Federal de Minas Gerais (1972), mestrado em Psicologia pela Funda\u00e7\u00e3o Get\u00falio Vargas &#8211; RJ (1980) e doutorado em Psicologia Escolar e do Desenvolvimento Humano pela Universidade de S\u00e3o Paulo (1996), com p\u00f3s-doutorado em Hist\u00f3ria e Historiografia da Psicologia na Universidade Aut\u00f4noma de Barcelona (2004). \u00c9 professora associada da UERJ, atuando no Programa de P\u00f3s-gradua\u00e7\u00e3o em Psicologia Social e no Curso de gradua\u00e7\u00e3o em Psicologia. Coordena, na UERJ, o laborat\u00f3rio de pesquisas em hist\u00f3ria da Psicologia, Clio-Psych\u00e9, dedicado \u00e0 investiga\u00e7\u00e3o sobre a hist\u00f3ria dos saberes Psi no Brasil. Coordenadora do Programa de P\u00f3s-Gradua\u00e7\u00e3o em Psicologia Social (2001-2005; 2013-2015). \u00c9 pesquisadora do CNPq, Cientista do Nosso Estado pela Faperj e Procientista da UERJ. Participa dos GTs de Hist\u00f3ria da Psicologia da ANPEPP (Associa\u00e7\u00e3o Nacional de Pesquisa e P\u00f3s-gradua\u00e7\u00e3o em Psicologia) e da SIP (Sociedade Interamericana de Psicologia), sendo coordenadora deste para o bi\u00eanio 2011-2013 e 2013\/2015. Coordena tamb\u00e9m a Rede Iberoamericana de Pesquisadores em Hist\u00f3ria da Psicologia que atualmente congrega mais de cem pesquisadores de diferentes pa\u00edses. Membro da Comiss\u00e3o de Avalia\u00e7\u00e3o da \u00c1rea de Psicologia da Capes (2004-2009). Presidente da ABRAPSO &#8211; Associa\u00e7\u00e3o Brasileira de Psicologia Social (2006-2007) e Vice-Presidente de sua Regional Rio (2008-2009). Presidente da ANPEPP (2010-2012). Secret\u00e1ria Executiva para a Am\u00e9rica do Sul da Sociedade Interamericana de Psicologia (2013-2015). Presidente Eleita da Divis\u00e3o 18 (Hist\u00f3ria da Psicologia) da International Applied Association of Psychology (IAAP). (2014-1018). Faz parte da Comiss\u00e3o Cient\u00edfica de diversos peri\u00f3dicos e \u00e9 parecerista para ag\u00eancias de fomento de \u00e2mbito nacional, bem como estaduais e de outros pa\u00edses. Coordenadora da \u00c1rea de Psicologia da Faperj (2012-2014).<\/td>\n<\/tr>\n<tr>\n<td align=\"left\" valign=\"top\" width=\"280\"><img loading=\"lazy\" decoding=\"async\" class=\"alignnone wp-image-65 size-full\" src=\"https:\/\/diadopsicologo.cfp.org.br\/wp-content\/uploads\/sites\/14\/2014\/08\/Barbara-Conte.jpg\" alt=\"Barbara-Conte\" width=\"256\" height=\"276\" \/><\/td>\n<td align=\"left\" valign=\"top\" width=\"1065\"><strong>B\u00e1rbara de Souza Conte <\/strong>\u2013 Psicoterapia<\/p>\n<p>Psicanalista<\/p>\n<p>Doutora em Psicologia pela Universidade Aut\u00f4noma de Madri. Membro Pleno, coordenadora de semin\u00e1rios e supervisora da Sigmund Freud Associa\u00e7\u00e3o Psicanal\u00edtica, RS. Coordenadora do Projeto SIG\/Cl\u00ednicas do Testemunho &#8211; Minist\u00e9rio da Justi\u00e7a\/ Comiss\u00e3o de Anistia. Coordenadora e professora do Curso Filosofia da Psican\u00e1lise, parceria SIG\/IBVE. Professora convidada no Programa de P\u00f3s-Gradua\u00e7\u00e3o em Psicologia Cl\u00ednica da Universidade de Caxias do Sul. Conselheira e presidente da Comiss\u00e3o de \u00c9tica do Conselho Regional de Psicologia 07 (2004\/2007). Autora do livro &#8220;Prazer e Dor &#8211; Masoquismo e Sexualidade&#8221; (2004) . Organizadora, juntamente com Fernando Kunzler, do livro &#8220;Cruzamentos 2: Pensando a Viol\u00eancia&#8221; (2005). Organizadora, juntamente com Silvana Henzel, do livro &#8220;Exclus\u00e3o e Inscri\u00e7\u00e3o Ps\u00edquica: da escuta psicanal\u00edtica no social&#8221; (2012). Organizadora do livro &#8220;Jean Laplanche. Fundamentos e Intersec\u00e7\u00f5es&#8221; (2012).<\/td>\n<\/tr>\n<tr>\n<td align=\"left\" valign=\"top\" width=\"280\"><img loading=\"lazy\" decoding=\"async\" class=\"alignnone size-medium wp-image-69\" src=\"https:\/\/diadopsicologo.cfp.org.br\/wp-content\/uploads\/sites\/14\/2014\/08\/Loiva-Maria-de-Boni.jpg\" alt=\"Loiva-Maria-de-Boni\" width=\"256\" height=\"276\" \/><\/td>\n<td align=\"left\" valign=\"top\" width=\"1065\"><strong>Loiva Maria de Boni <\/strong>\u2013 \u00c1lcool e Drogas<\/p>\n<p>Mestre em Psicologia Social pelo Programa de P\u00f3s-Gradua\u00e7\u00e3o do Instituto de Psicologia Social da UFRGS e membro do Grupo de Pesquisa Intervires: pesquisa-interven\u00e7\u00e3o em pol\u00edticas p\u00fablicas, sa\u00fade mental e cuidado em rede, ligado a UFRGS. Atualmente Coordenadora de Sa\u00fade Mental do Munic\u00edpio de Farroupilha (RS). Apoiadora Institucional em Sa\u00fade Mental e \u00c1lcool e Drogas. Foi docente da Faculdade da Serra Ga\u00facha no Curso de Psicologia de 2008-2011 e Coordenadora da p\u00f3s-gradua\u00e7\u00e3o em Sa\u00fade Mental Coletiva 1\u00aa e 2\u00aa edi\u00e7\u00e3o. Conselheira Presidente do Conselho Regional de Psicologia do RS (2009 \u2013 2010). Recebeu o trof\u00e9u Profissional Destaque dos 50 anos da regulamenta\u00e7\u00e3o da profiss\u00e3o de psic\u00f3logo no Brasil em 2012 pelo Conselho Regional de Psicologia do Rio Grande do Sul. Em 2011 recebeu da C\u00e2mara de Vereadores de Caxias do Sul o t\u00edtulo de Mulher Cidad\u00e3 em reconhecimento pelos relevantes servi\u00e7os prestados \u00e0 mulher caxiense na categoria sa\u00fade. Graduada em Licenciatura e Forma\u00e7\u00e3o em Psicologia pelo Centro Universit\u00e1rio Salesiano de S\u00e3o Paulo (1992 &#8211; 1996). P\u00f3s-graduada em Psicologia Social Comunit\u00e1ria pela UNIPLAC &#8211; Universidade do Planalto Catarinense &#8211; Lages, SC. Especializa\u00e7\u00e3o em Humaniza\u00e7\u00e3o da Aten\u00e7\u00e3o e da Gest\u00e3o do SUS pela ESP\/RS e Instituto de Psicologia da UFRGS &#8211; Experi\u00eancia na \u00e1rea cl\u00ednica, em Sa\u00fade Mental Coletiva, Sa\u00fade P\u00fablica e \u00c1lcool e outras Drogas, nas \u00e1reas da assist\u00eancia, gest\u00e3o, capacita\u00e7\u00e3o e assessoria.<\/td>\n<\/tr>\n<tr>\n<td align=\"left\" valign=\"top\"><img loading=\"lazy\" decoding=\"async\" class=\"alignnone wp-image-68 size-full\" src=\"https:\/\/diadopsicologo.cfp.org.br\/wp-content\/uploads\/sites\/14\/2014\/08\/Luciana-Angelo.jpg\" alt=\"Luciana-Angelo\" width=\"256\" height=\"272\" \/><\/td>\n<td align=\"left\" valign=\"top\"><strong>Luciana Ferreira \u00c2ngelo<\/strong> \u2013 Psicologia do Esporte e da Atividade F\u00edsica<\/p>\n<p>Possui gradua\u00e7\u00e3o em Psicologia pela PUC-SP (1993) e mestrado em Educa\u00e7\u00e3o pela FEUSP (2002). Atualmente \u00e9 coordenadora do Curso de Especializa\u00e7\u00e3o em Psicologia do Esporte e do Exerc\u00edcio do Instituto Sedes Sapientiae. Preside a Associa\u00e7\u00e3o Brasileira de Psicologia do Esporte (ABRAPESP).<\/td>\n<\/tr>\n<tr>\n<td align=\"left\" valign=\"top\" width=\"280\"><img loading=\"lazy\" decoding=\"async\" class=\"alignleft size-full wp-image-135\" src=\"https:\/\/diadopsicologo.cfp.org.br\/wp-content\/uploads\/sites\/14\/2014\/08\/Marco-Aurelio-Maximo-Prado2.jpg\" alt=\"Marco-Aurelio-Maximo-Prado2\" width=\"256\" height=\"276\" \/><\/td>\n<td align=\"left\" valign=\"top\" width=\"1065\"><strong>Marco Aur\u00e9lio M\u00e1ximo Prado<\/strong> \u2013 Direitos Humanos<\/p>\n<p>Doutor em Psicologia Social pela Pontif\u00edcia Universidade Cat\u00f3lica de S\u00e3o Paulo com foco em estudos sobre participa\u00e7\u00e3o social, identidades coletivas e movimentos sociais. Realizou tr\u00eas est\u00e1gios internacionais como pesquisador, sendo um junto ao Centro de Estudos Sociais (CES) da Universidade de Coimbra (2004-2005) no \u00e2mbito do Pr\u00eamio Bolsa &#8220;Um M\u00eas no CES&#8221; , um junto ao Departamento de Sociologia da City University of New York (1997-1998) durante o doutoramento e o \u00faltimo junto a Universidade Nacional de San Luis na Argentina como professor visitante (2009). Foi secret\u00e1rio da Sociedade Brasileira de Psicologia Pol\u00edtica, sendo um dos Editores da Revista Psicologia Pol\u00edtica (2001-2007) e foi tamb\u00e9m Presidente da Associa\u00e7\u00e3o Brasileira de Psicologia Pol\u00edtica (2009-2011). Atuou como secret\u00e1rio executivo da Associa\u00e7\u00e3o Nacional de Pesquisa e P\u00f3s-Gradua\u00e7\u00e3o em Psicologia (2010-2012). Tem colaborado como consultor e membro de conselhos cient\u00edficos em v\u00e1rios peri\u00f3dicos cient\u00edficos e editoras. Foi um dos editores da Revista Psicologia &amp; Sociedade da Associa\u00e7\u00e3o Brasileira de Psicologia Social (2012-2013). \u00c9 professor associado II da Universidade Federal de Minas Gerais (UFMG). Foi Coordenador do Programa de P\u00f3s-Gradua\u00e7\u00e3o em Psicologia (2009-2010) da UFMG. \u00c9 professor junto ao Programa de P\u00f3s-Gradua\u00e7\u00e3o em Psicologia e pesquisador junto aos N\u00facleos de Pesquisa em Direitos Humanos e Cidadania LGBT (NUH\/UFMG) e Psicologia Pol\u00edtica (NPP\/UFMG). Possui &#8220;grant&#8221; pesquisador pela Funda\u00e7\u00e3o de Amparo \u00e0 Pesquisa do Estado de Minas Gerais (Fapemig) e \u00e9 bolsista pesquisador do CNPq. Participou como membro das Comiss\u00f5es de \u00c1rea da Psicologia e Interdisciplinar da Capes. Tem experi\u00eancia na \u00e1rea de Psicologia Social e Pol\u00edtica, atuando principalmente nos seguintes temas: psicologia comunit\u00e1ria, a\u00e7\u00f5es coletivas, comportamento pol\u00edtico, identidade coletiva e movimentos sociais, pol\u00edticas p\u00fablicas e participa\u00e7\u00e3o social, homossexualidades, sexualidades, homofobia, g\u00eanero e movimentos sociais.<\/td>\n<\/tr>\n<tr>\n<td align=\"left\" valign=\"top\"><img loading=\"lazy\" decoding=\"async\" class=\"alignleft size-full wp-image-136\" src=\"https:\/\/diadopsicologo.cfp.org.br\/wp-content\/uploads\/sites\/14\/2014\/08\/Marcus-Eugenio-Oliveira-Lima2.jpg\" alt=\"Marcus-Eugenio-Oliveira-Lima\" width=\"256\" height=\"276\" \/><\/td>\n<td align=\"left\" valign=\"top\"><strong>Marcus Eug\u00eanio Oliveira Lima<\/strong> \u2013 Rela\u00e7\u00f5es com as Institui\u00e7\u00f5es de Ensino Superior<\/p>\n<p>Graduado em Psicologia pela Universidade Federal da Para\u00edba (1995), mestre em Psicologia (Psicologia Social) pela Universidade Federal da Para\u00edba (1997), sob a orienta\u00e7\u00e3o do Professor Leoncio Camino. Doutor em Psicologia Social pelo Instituto Superior de Ci\u00eancias do Trabalho e da Empresa em 2003 (ISCTE-PT), sob a orienta\u00e7\u00e3o do Professor Jorge Vala. P\u00f3s-Doutorado no Instituto de Ci\u00eancias Sociais da Universidade de Lisboa em 2011, sob a orienta\u00e7\u00e3o do Professor Jorge Vala. Atualmente \u00e9 professor do Departamento de Mestrado em Psicologia da Universidade Federal de Sergipe. Desenvolve pesquisas no \u00e2mbito da psicologia social, com \u00eanfase em Processos Grupais, Normas Sociais, Racismo e Infra-humaniza\u00e7\u00e3o.<\/td>\n<\/tr>\n<tr>\n<td align=\"left\" valign=\"top\"><img loading=\"lazy\" decoding=\"async\" class=\"alignleft size-full wp-image-138\" src=\"https:\/\/diadopsicologo.cfp.org.br\/wp-content\/uploads\/sites\/14\/2014\/08\/Raquel-Guzzo2.jpg\" alt=\"Raquel-Guzzo2\" width=\"256\" height=\"276\" \/><\/td>\n<td align=\"left\" valign=\"top\"><strong>Raquel Guzzo<\/strong> \u2013 Educa\u00e7\u00e3o e Assist\u00eancia Social<\/p>\n<p>Possui gradua\u00e7\u00e3o em Psicologia pela Pontif\u00edcia Universidade Cat\u00f3lica de Campinas, mestrado e doutorado em Psicologia Escolar e do Desenvolvimento Humano pela Universidade de S\u00e3o Paulo e p\u00f3s-doutorado em Estudos Comunit\u00e1rios e Preven\u00e7\u00e3o pela University of Rochester, USA. Professora titular da Pontif\u00edcia Universidade Cat\u00f3lica de Campinas nos cursos de gradua\u00e7\u00e3o e p\u00f3s-gradua\u00e7\u00e3o em Psicologia. Tem experi\u00eancia na \u00e1rea de Psicologia, com \u00eanfase em Programas de Atendimento Comunit\u00e1rio, discutindo a forma\u00e7\u00e3o e interven\u00e7\u00e3o profissional, a partir de uma perspectiva cr\u00edtica, principalmente sobre os seguintes temas: psicologia escolar e comunit\u00e1ria, indicadores de risco e prote\u00e7\u00e3o ao desenvolvimento da crian\u00e7a e adolescente, avalia\u00e7\u00e3o e interven\u00e7\u00f5es preventivas e psicossociais, psicologia social da liberta\u00e7\u00e3o, processos de tomada de consci\u00eancia e rela\u00e7\u00e3o entre psicologia e marxismo. A produ\u00e7\u00e3o cient\u00edfica \u00e9 organizada no \u00e2mbito do Grupo de pesquisa &#8220;Avalia\u00e7\u00e3o e Interven\u00e7\u00e3o Psicossocial: Preven\u00e7\u00e3o, Comunidade e Liberta\u00e7\u00e3o &#8220;. Coordenadora do GT de Psicologia Escolar e Educacional da ANPEPP.<\/td>\n<\/tr>\n<tr>\n<td align=\"left\" valign=\"top\" width=\"280\"><img loading=\"lazy\" decoding=\"async\" class=\"alignnone wp-image-64 size-full\" src=\"https:\/\/diadopsicologo.cfp.org.br\/wp-content\/uploads\/sites\/14\/2014\/08\/Rodrigo-Torres-Oliveira.jpg\" alt=\"Rodrigo-Torres-Oliveira\" width=\"256\" height=\"328\" srcset=\"https:\/\/diadopsicologo.cfp.org.br\/wp-content\/uploads\/sites\/14\/2014\/08\/Rodrigo-Torres-Oliveira.jpg 256w, https:\/\/diadopsicologo.cfp.org.br\/wp-content\/uploads\/sites\/14\/2014\/08\/Rodrigo-Torres-Oliveira-234x300.jpg 234w\" sizes=\"auto, (max-width: 256px) 100vw, 256px\" \/><\/td>\n<td align=\"left\" valign=\"top\" width=\"1065\"><strong>Rodrigo Torres Oliveira<\/strong> \u2013 Psicologia Jur\u00eddica<\/p>\n<p>Psic\u00f3logo, Psicanalista, P\u00f3s- graduado em Filosofia (UFMG), Mestre em Psicologia pela PUC\/MG, Professor e supervisor de est\u00e1gios na Universidade Presidente Antonio Carlos\/ Barbacena (UNIPAC). Foi Vice -Presidente do Conselho Regional de Psicologia de Minas Gerais de 2007 a 2010.<\/td>\n<\/tr>\n<tr>\n<td align=\"left\" valign=\"top\" width=\"280\"><img loading=\"lazy\" decoding=\"async\" class=\"alignnone wp-image-67 size-full\" src=\"https:\/\/diadopsicologo.cfp.org.br\/wp-content\/uploads\/sites\/14\/2014\/08\/Silvia-Koller.jpg\" alt=\"Silvia-Koller\" width=\"256\" height=\"276\" \/><\/td>\n<td align=\"left\" valign=\"top\" width=\"1065\"><strong>Silvia Koller<\/strong> \u2013 Rela\u00e7\u00f5es com a BVS-PSI<\/p>\n<p>Professora da Universidade Federal do Rio Grande do Sul, Orientadora de Doutorado e Mestrado do Programa de P\u00f3s-gradua\u00e7\u00e3o em Psicologia, Professora Honor\u00e1ria da Universidade de Chiclayo (Peru) e da Universidade Aut\u00f3noma de Peru. Coordenadora do Centro de Estudos Psicol\u00f3gicos CEP-Rua desde 1994. Foi presidente da Associa\u00e7\u00e3o Nacional de Pesquisa e P\u00f3s-gradua\u00e7\u00e3o em Psicologia (ANPEPP) (2004-2006) e da Sociedade Brasileira de Psicologia do Desenvolvimento (2000-2002). Coordenadora do GTANPEPP Juventude, resili\u00eancia e vulnerabilidade. Publica\u00e7\u00f5es em revistas e livros internacionais e nacionais. Suas pesquisas e atividades de interven\u00e7\u00e3o t\u00eam foco na psicologia translacional, positiva de desenvolvimento e aplicada, desenvolvimento ecol\u00f3gico, direitos das crian\u00e7as e adolescentes, resili\u00eancia e pr\u00f3-socialidade. Participou de v\u00e1rios programas para prestar servi\u00e7os a crian\u00e7as v\u00edtimas de viol\u00eancia e suas fam\u00edlias, implementado no Rio Grande do Sul. Seus estudos foram, e t\u00eam sido usados, para desenvolver programas de capacita\u00e7\u00e3o e promo\u00e7\u00e3o dos direitos e pol\u00edticas sociais dentro dos Minist\u00e9rios da Sa\u00fade, Educa\u00e7\u00e3o, Habita\u00e7\u00e3o, Assist\u00eancia Social e Justi\u00e7a.<\/td>\n<\/tr>\n<tr>\n<td align=\"left\" valign=\"top\"><img loading=\"lazy\" decoding=\"async\" class=\"alignleft size-full wp-image-140\" src=\"https:\/\/diadopsicologo.cfp.org.br\/wp-content\/uploads\/sites\/14\/2014\/08\/Tania-Grigolo2.jpg\" alt=\"Tania-Grigolo\" width=\"256\" height=\"276\" \/><\/td>\n<td align=\"left\" valign=\"top\"><strong>T\u00e2nia Grigolo<\/strong> \u2013 Sa\u00fade Mental<\/p>\n<p>Doutora em Psicologia Cl\u00ednica e Cultura pela Universidade de Bras\u00edlia (UnB), Mestre em Sociologia Pol\u00edtica (UFSC) e Especialista em Sa\u00fade Mental Coletiva (UFSM). Docente do Curso de Psicologia da Faculdade de Ci\u00eancias Sociais de Florian\u00f3polis, mantida pelo Complexo de Ensino Superior de Santa Catarina (CESUSC).Tem experi\u00eancia profissional no campo da gest\u00e3o das pol\u00edticas de sa\u00fade mental e da cl\u00ednica da aten\u00e7\u00e3o psicossocial. Professora do Mestrado Profissional em Sa\u00fade Mental e Aten\u00e7\u00e3o Psicossocial da UFSC. Atua principalmente nos seguintes temas: Pol\u00edticas de Sa\u00fade e Sa\u00fade Mental, Rede de Aten\u00e7\u00e3o Psicossocial, Cl\u00ednica da Aten\u00e7\u00e3o Psicossocial, Supervis\u00e3o cl\u00ednico-institucional de Centros de Aten\u00e7\u00e3o Psicossocial &#8211; Transtornos Mentais e \u00c1lcool e outras Drogas, Organiza\u00e7\u00e3o e Avalia\u00e7\u00e3o de Servi\u00e7os da Rede de Aten\u00e7\u00e3o Psicossocial, Educa\u00e7\u00e3o Permanente e Pesquisa em Sa\u00fade Mental, \u00c1lcool e outras Drogas.<\/td>\n<\/tr>\n<tr>\n<td align=\"left\" valign=\"top\" width=\"280\"><img loading=\"lazy\" decoding=\"async\" class=\"alignnone wp-image-66 size-full\" src=\"https:\/\/diadopsicologo.cfp.org.br\/wp-content\/uploads\/sites\/14\/2014\/08\/Vera-Paiva.jpg\" alt=\"Vera-Paiva\" width=\"256\" height=\"277\" \/><\/td>\n<td align=\"left\" valign=\"top\" width=\"1065\"><strong>Vera Paiva<\/strong> \u2013 Direitos Humanos<\/p>\n<p>Professora Associada-3 no departamento de Psicologia Social do Instituto de Psicologia da USP, onde \u00e9 Presidente da Comiss\u00e3o de Pesquisa e professora na gradua\u00e7\u00e3o desde 1987. Professora da p\u00f3s gradua\u00e7\u00e3o e orientadora nos programas de Psicologia Social\/IPUSP, Medicina Preventiva\/FMUSP e de Sa\u00fade P\u00fablica\/FSPUSP. As linhas de pesquisa a que est\u00e1 filiada abordam a pesquisa psicossocial da desigualdade, a sexualidade, e a dimens\u00e3o psicossocial nas pr\u00e1ticas de sa\u00fade, em especial, na preven\u00e7\u00e3o do HIV e no cuidado da Aids. Co-coordena o NEPAIDS-USP (N\u00facleo de Estudos para a Preven\u00e7\u00e3o da AIDS), grupo interdisciplinar que congrega professores de diversos programas de p\u00f3s gradua\u00e7\u00e3o na USP, em outras universidades e institui\u00e7\u00f5es p\u00fablicas de pesquisa, alunos de gradua\u00e7\u00e3o e p\u00f3s gradua\u00e7\u00e3o, dedicados ao ensino, extens\u00e3o e pesquisa. De 2003-2007 foi pesquisadora e professora convidada no Social Medical Dept\/ School of Public Health, Columbia Univesity, New York. Em 2013 foi eleita para a &#8220;ASSHH Academy&#8221; da Association for the Social Sciences and Humanities in HIV. Graduou-se em Psicologia pela Universidade de S\u00e3o Paulo. Na p\u00f3s-gradua\u00e7\u00e3o, especializou-se em Sa\u00fade P\u00fablica e em Sa\u00fade Mental e obteve o grau de mestrado em Psicologia Social (1987), doutora em Psicologia Social (1996) e Professora Livre-docente (2007) pela Universidade de S\u00e3o Paulo. Foi MacArthur Foundation Individual Grantee e Fogarty Fellow na Universidade da Calif\u00f3rnia- Berkeley e San Francisco, onde tamb\u00e9m fez p\u00f3s-doutorado. (1996-97). Tem desenvolvido extensa colabora\u00e7\u00e3o com os Programas Nacional e Estadual de Aids para o estado de SP. No plano internacional tem sido consultora pelas Na\u00e7\u00f5es Unidas (OMS, UNESCO, UNFPa e UNAIDS). Entre as universidades com quem desenvolve interc\u00e2mbio em ensino e pesquisa, destacam-se a Columbia University (Public Health), a University of Southern California, a Universidade da Calif\u00f3rnia (Medicine-SFrancisco e Public Health-Berkeley), Harvard University (Public Health) e Institut Pasteur\/Fran\u00e7a (WAF). Atualmente \u00e9 Coordenadora da Comiss\u00e3o de Direitos Humanos do Conselho Federal de Psicologia (2014).<\/td>\n<\/tr>\n<\/tbody>\n<\/table>\n","protected":false},"excerpt":{"rendered":"<p>&nbsp; &nbsp; Quem somos N\u00f3s, do XVI Plen\u00e1rio (Gest\u00e3o 2013 \u2013 2016) do Conselho Federal de Psicologia (CFP) &#8211; autarquia de direito p\u00fablico, com autonomia administrativa e financeira, cujos objetivos, al\u00e9m de regulamentar, orientar e fiscalizar o exerc\u00edcio profissional, deve promover espa\u00e7os de discuss\u00e3o sobre os grandes temas da Psicologia que levem \u00e0 qualifica\u00e7\u00e3o dos [&hellip;]<\/p>\n","protected":false},"author":1,"featured_media":0,"parent":0,"menu_order":0,"comment_status":"open","ping_status":"open","template":"","meta":{"footnotes":""},"class_list":["post-14","page","type-page","status-publish","hentry"],"_links":{"self":[{"href":"https:\/\/diadopsicologo.cfp.org.br\/index.php?rest_route=\/wp\/v2\/pages\/14","targetHints":{"allow":["GET"]}}],"collection":[{"href":"https:\/\/diadopsicologo.cfp.org.br\/index.php?rest_route=\/wp\/v2\/pages"}],"about":[{"href":"https:\/\/diadopsicologo.cfp.org.br\/index.php?rest_route=\/wp\/v2\/types\/page"}],"author":[{"embeddable":true,"href":"https:\/\/diadopsicologo.cfp.org.br\/index.php?rest_route=\/wp\/v2\/users\/1"}],"replies":[{"embeddable":true,"href":"https:\/\/diadopsicologo.cfp.org.br\/index.php?rest_route=%2Fwp%2Fv2%2Fcomments&post=14"}],"version-history":[{"count":0,"href":"https:\/\/diadopsicologo.cfp.org.br\/index.php?rest_route=\/wp\/v2\/pages\/14\/revisions"}],"wp:attachment":[{"href":"https:\/\/diadopsicologo.cfp.org.br\/index.php?rest_route=%2Fwp%2Fv2%2Fmedia&parent=14"}],"curies":[{"name":"wp","href":"https:\/\/api.w.org\/{rel}","templated":true}]}}